{"id":266339,"date":"2021-07-15T13:43:19","date_gmt":"2021-07-15T13:43:19","guid":{"rendered":"https:\/\/www.villars.com\/villars-shop\/"},"modified":"2025-09-25T08:23:54","modified_gmt":"2025-09-25T08:23:54","slug":"villars-shop","status":"publish","type":"page","link":"https:\/\/www.villars.com\/de\/villars-shop\/","title":{"rendered":"Villars Shop"},"content":{"rendered":"<p>[et_pb_section fb_built=&#8221;1&#8243; _builder_version=&#8221;4.16&#8243; _module_preset=&#8221;default&#8221; positioning=&#8221;none&#8221; custom_margin=&#8221;0px||||false|false&#8221; custom_padding=&#8221;0px||0px|||&#8221; saved_tabs=&#8221;all&#8221; global_colors_info=&#8221;{}&#8221;][et_pb_row _builder_version=&#8221;4.16&#8243; _module_preset=&#8221;default&#8221; custom_padding=&#8221;||15px|||&#8221; global_colors_info=&#8221;{}&#8221;][et_pb_column type=&#8221;4_4&#8243; _builder_version=&#8221;4.16&#8243; _module_preset=&#8221;default&#8221; global_colors_info=&#8221;{}&#8221;][et_pb_dmb_breadcrumbs font_icon=&#8221;%%20%%&#8221; use_home_icon=&#8221;off&#8221; _builder_version=&#8221;4.16&#8243; _module_preset=&#8221;default&#8221; body_font=&#8221;Helvetica Neue||||||||&#8221; body_text_color=&#8221;#c4c4c4&#8243; body_font_size=&#8221;16px&#8221; body_letter_spacing=&#8221;0.1em&#8221; separator_text_color=&#8221;#c4c4c4&#8243; link_font=&#8221;Helvetica Neue||||||||&#8221; link_text_color=&#8221;gcid-f01d8f96-5c9f-4ef9-b282-d7e797d7021e&#8221; global_colors_info=&#8221;{%22gcid-f01d8f96-5c9f-4ef9-b282-d7e797d7021e%22:%91%22link_text_color%22%93}&#8221;][\/et_pb_dmb_breadcrumbs][\/et_pb_column][\/et_pb_row][\/et_pb_section][et_pb_section fb_built=&#8221;1&#8243; _builder_version=&#8221;4.16&#8243; _module_preset=&#8221;default&#8221; custom_padding=&#8221;0px||0px|||&#8221; collapsed=&#8221;off&#8221; global_colors_info=&#8221;{}&#8221;][et_pb_row use_custom_gutter=&#8221;on&#8221; gutter_width=&#8221;1&#8243; _builder_version=&#8221;4.16&#8243; _module_preset=&#8221;default&#8221; background_image=&#8221;https:\/\/www.villars.com\/wp-content\/uploads\/2021\/06\/Ligne.png&#8221; background_size=&#8221;initial&#8221; background_repeat=&#8221;repeat-x&#8221; width_tablet=&#8221;&#8221; width_phone=&#8221;100%&#8221; width_last_edited=&#8221;on|phone&#8221; global_colors_info=&#8221;{}&#8221;][et_pb_column type=&#8221;4_4&#8243; _builder_version=&#8221;4.16&#8243; _module_preset=&#8221;default&#8221; global_colors_info=&#8221;{}&#8221;][et_pb_text admin_label=&#8221;Titre&#8221; _builder_version=&#8221;4.16&#8243; _dynamic_attributes=&#8221;content&#8221; _module_preset=&#8221;e6c1eaa8-524a-44f2-b25c-ffc67a3e1a36&#8243; header_text_align=&#8221;center&#8221; header_font_size=&#8221;50px&#8221; background_color=&#8221;#FFFFFF&#8221; background_enable_image=&#8221;off&#8221; background_size=&#8221;initial&#8221; background_repeat=&#8221;repeat-x&#8221; width=&#8221;600px&#8221; width_tablet=&#8221;400px&#8221; width_phone=&#8221;200px&#8221; width_last_edited=&#8221;on|desktop&#8221; max_width=&#8221;100%&#8221; module_alignment=&#8221;center&#8221; custom_margin=&#8221;0px||-18px||false|false&#8221; header_font_size_tablet=&#8221;40px&#8221; header_font_size_phone=&#8221;32px&#8221; header_font_size_last_edited=&#8221;on|phone&#8221; header_line_height_tablet=&#8221;&#8221; header_line_height_phone=&#8221;30px&#8221; header_line_height_last_edited=&#8221;on|phone&#8221; global_colors_info=&#8221;{}&#8221;]@ET-DC@eyJkeW5hbWljIjp0cnVlLCJjb250ZW50IjoicG9zdF90aXRsZSIsInNldHRpbmdzIjp7ImJlZm9yZSI6IjxoMT4iLCJhZnRlciI6IjwvaDE+IiwiZW5hYmxlX2h0bWwiOiJvZmYifX0=@[\/et_pb_text][\/et_pb_column][\/et_pb_row][et_pb_row _builder_version=&#8221;4.16&#8243; _module_preset=&#8221;default&#8221; custom_padding=&#8221;0px||0px|||&#8221; global_colors_info=&#8221;{}&#8221;][et_pb_column type=&#8221;4_4&#8243; _builder_version=&#8221;4.16&#8243; _module_preset=&#8221;default&#8221; global_colors_info=&#8221;{}&#8221;][et_pb_text _builder_version=&#8221;4.16&#8243; _module_preset=&#8221;default&#8221; text_font_size=&#8221;28px&#8221; text_orientation=&#8221;center&#8221; custom_margin=&#8221;0px||28px||false|false&#8221; text_font_size_tablet=&#8221;24px&#8221; text_font_size_phone=&#8221;18px&#8221; text_font_size_last_edited=&#8221;on|phone&#8221; global_colors_info=&#8221;{}&#8221;]<\/p>\n<p>Fribourg<\/p>\n<p>[\/et_pb_text][\/et_pb_column][\/et_pb_row][et_pb_row column_structure=&#8221;1_2,1_2&#8243; _builder_version=&#8221;4.19.1&#8243; _module_preset=&#8221;default&#8221; custom_margin=&#8221;60px|auto||auto||&#8221; custom_padding=&#8221;0px||0px|||&#8221; global_colors_info=&#8221;{}&#8221;][et_pb_column type=&#8221;1_2&#8243; _builder_version=&#8221;4.16&#8243; _module_preset=&#8221;default&#8221; global_colors_info=&#8221;{}&#8221;][et_pb_text admin_label=&#8221;Titre&#8221; _builder_version=&#8221;4.20.4&#8243; _module_preset=&#8221;e6c1eaa8-524a-44f2-b25c-ffc67a3e1a36&#8243; custom_margin=&#8221;90px||0px||false|false&#8221; custom_margin_tablet=&#8221;&#8221; custom_margin_phone=&#8221;40px||0px||false|false&#8221; custom_margin_last_edited=&#8221;on|phone&#8221; header_2_font_size_tablet=&#8221;&#8221; header_2_font_size_phone=&#8221;28px&#8221; header_2_font_size_last_edited=&#8221;on|phone&#8221; header_2_line_height_tablet=&#8221;&#8221; header_2_line_height_phone=&#8221;30px&#8221; header_2_line_height_last_edited=&#8221;on|phone&#8221; global_colors_info=&#8221;{}&#8221;]<\/p>\n<h2>Historische Boutique <\/h2>\n<p>[\/et_pb_text][et_pb_text _builder_version=&#8221;4.24.3&#8243; _module_preset=&#8221;default&#8221; link_text_color=&#8221;gcid-f01d8f96-5c9f-4ef9-b282-d7e797d7021e&#8221; custom_margin=&#8221;30px||||false|false&#8221; text_font_size_tablet=&#8221;&#8221; text_font_size_phone=&#8221;&#8221; text_font_size_last_edited=&#8221;on|desktop&#8221; global_colors_info=&#8221;{%22gcid-f01d8f96-5c9f-4ef9-b282-d7e797d7021e%22:%91%22link_text_color%22%93}&#8221;]Wir freuen uns, Sie in unserem Gesch\u00e4ft begr\u00fc\u00dfen zu d\u00fcrfen. Es befindet sich im historischen Geb\u00e4ude unserer Schokoladenfabrik, das im Kanton Freiburg in die Liste der Kulturg\u00fcter von nationaler Bedeutung aufgenommen wurde.<\/p>\n<p>Hier finden Sie die Produktpalette von Villars sowie einen Tea-Room.<\/p>\n<p>Wir freuen uns auf Sie. Bis bald !<\/p>\n<p>Das Villars Ma\u00eetre Chocolatier-Team[\/et_pb_text][\/et_pb_column][et_pb_column type=&#8221;1_2&#8243; _builder_version=&#8221;4.16&#8243; _module_preset=&#8221;default&#8221; global_colors_info=&#8221;{}&#8221;][et_pb_image src=&#8221;https:\/\/www.villars.com\/wp-content\/uploads\/2025\/09\/VMC-300G-1-scaled.jpg&#8221; title_text=&#8221;VMC-300G-1&#8243; _builder_version=&#8221;4.27.4&#8243; _module_preset=&#8221;default&#8221; custom_margin_tablet=&#8221;&#8221; custom_margin_phone=&#8221;15px||||false|false&#8221; custom_margin_last_edited=&#8221;on|phone&#8221; global_colors_info=&#8221;{}&#8221;][\/et_pb_image][\/et_pb_column][\/et_pb_row][\/et_pb_section][et_pb_section fb_built=&#8221;1&#8243; _builder_version=&#8221;4.16&#8243; _module_preset=&#8221;default&#8221; custom_margin_tablet=&#8221;&#8221; custom_margin_phone=&#8221;40px||||false|false&#8221; custom_margin_last_edited=&#8221;on|phone&#8221; custom_padding=&#8221;0px||0px|||&#8221; collapsed=&#8221;on&#8221; global_colors_info=&#8221;{}&#8221;][et_pb_row use_custom_gutter=&#8221;on&#8221; gutter_width=&#8221;1&#8243; _builder_version=&#8221;4.16&#8243; _module_preset=&#8221;default&#8221; background_image=&#8221;https:\/\/www.villars.com\/wp-content\/uploads\/2021\/06\/Ligne.png&#8221; background_size=&#8221;initial&#8221; background_repeat=&#8221;repeat-x&#8221; width_tablet=&#8221;&#8221; width_phone=&#8221;100%&#8221; width_last_edited=&#8221;on|phone&#8221; global_colors_info=&#8221;{}&#8221;][et_pb_column type=&#8221;4_4&#8243; _builder_version=&#8221;4.16&#8243; _module_preset=&#8221;default&#8221; global_colors_info=&#8221;{}&#8221;][et_pb_text admin_label=&#8221;Titre&#8221; _builder_version=&#8221;4.16&#8243; _module_preset=&#8221;e6c1eaa8-524a-44f2-b25c-ffc67a3e1a36&#8243; header_text_align=&#8221;center&#8221; header_font_size=&#8221;50px&#8221; header_2_text_align=&#8221;center&#8221; background_color=&#8221;#FFFFFF&#8221; background_enable_image=&#8221;off&#8221; background_size=&#8221;initial&#8221; background_repeat=&#8221;repeat-x&#8221; width=&#8221;600px&#8221; width_tablet=&#8221;500px&#8221; width_phone=&#8221;280px&#8221; width_last_edited=&#8221;on|phone&#8221; max_width=&#8221;100%&#8221; module_alignment=&#8221;center&#8221; custom_margin=&#8221;0px||-18px||false|false&#8221; header_font_size_tablet=&#8221;40px&#8221; header_font_size_phone=&#8221;32px&#8221; header_font_size_last_edited=&#8221;on|phone&#8221; header_line_height_tablet=&#8221;&#8221; header_line_height_phone=&#8221;30px&#8221; header_line_height_last_edited=&#8221;on|phone&#8221; header_2_font_size_tablet=&#8221;&#8221; header_2_font_size_phone=&#8221;28px&#8221; header_2_font_size_last_edited=&#8221;on|phone&#8221; header_2_line_height_tablet=&#8221;&#8221; header_2_line_height_phone=&#8221;20px&#8221; header_2_line_height_last_edited=&#8221;on|phone&#8221; global_colors_info=&#8221;{}&#8221;]<\/p>\n<h2>Komm und besuche uns !<\/h2>\n<p>[\/et_pb_text][\/et_pb_column][\/et_pb_row][\/et_pb_section][et_pb_section fb_built=&#8221;1&#8243; custom_padding_last_edited=&#8221;on|phone&#8221; _builder_version=&#8221;4.16&#8243; _module_preset=&#8221;default&#8221; custom_padding=&#8221;||0px|||&#8221; custom_padding_tablet=&#8221;&#8221; custom_padding_phone=&#8221;0px||0px||false|false&#8221; saved_tabs=&#8221;all&#8221; global_colors_info=&#8221;{}&#8221;][et_pb_row column_structure=&#8221;1_3,1_3,1_3&#8243; _builder_version=&#8221;4.16&#8243; _module_preset=&#8221;default&#8221; custom_padding=&#8221;||80px|||&#8221; border_color_bottom=&#8221;#e7d3b7&#8243; global_colors_info=&#8221;{%22gcid-dadae498-489d-4913-adb6-09b6e16557ab%22:%91%93,%22gcid-015210cf-c1c0-46f5-a5eb-8daa480e676e%22:%91%22border_color_bottom%22%93}&#8221;][et_pb_column type=&#8221;1_3&#8243; _builder_version=&#8221;4.16&#8243; _module_preset=&#8221;default&#8221; global_colors_info=&#8221;{}&#8221;][et_pb_image src=&#8221;https:\/\/www.villars.com\/wp-content\/uploads\/2022\/12\/chocolat-villars-boutique-historique.jpg&#8221; title_text=&#8221;chocolat-villars-boutique-historique&#8221; align_tablet=&#8221;left&#8221; align_phone=&#8221;&#8221; align_last_edited=&#8221;on|tablet&#8221; _builder_version=&#8221;4.19.1&#8243; _module_preset=&#8221;default&#8221; global_colors_info=&#8221;{}&#8221;][\/et_pb_image][et_pb_button button_url=&#8221;https:\/\/www.villars.com\/de\/villars-shop\/&#8221; button_text=&#8221;Weitere Informationen&#8221; disabled_on=&#8221;on|on|off&#8221; _builder_version=&#8221;4.19.1&#8243; _module_preset=&#8221;d9dfa30f-5455-4344-b41e-be33471513ff&#8221; global_colors_info=&#8221;{}&#8221;][\/et_pb_button][\/et_pb_column][et_pb_column type=&#8221;1_3&#8243; _builder_version=&#8221;4.16&#8243; _module_preset=&#8221;default&#8221; global_colors_info=&#8221;{}&#8221;][et_pb_blurb title=&#8221;Historischer Laden Villars&#8221; image=&#8221;https:\/\/www.villars.com\/wp-content\/uploads\/2021\/07\/trolley.png&#8221; icon_placement=&#8221;left&#8221; _builder_version=&#8221;4.20.4&#8243; _module_preset=&#8221;default&#8221; header_level=&#8221;h3&#8243; header_font=&#8221;Helvetica Neue|600|||||||&#8221; header_font_size=&#8221;15px&#8221; header_letter_spacing=&#8221;0.15em&#8221; header_text_align_tablet=&#8221;&#8221; header_text_align_phone=&#8221;&#8221; header_text_align_last_edited=&#8221;on|tablet&#8221; module_alignment_tablet=&#8221;left&#8221; module_alignment_phone=&#8221;&#8221; module_alignment_last_edited=&#8221;on|tablet&#8221; custom_css_blurb_title=&#8221;padding-top:12px;&#8221; global_colors_info=&#8221;{}&#8221; custom_css_main_element_last_edited=&#8221;on|tablet&#8221;][\/et_pb_blurb][et_pb_text _builder_version=&#8221;4.25.2&#8243; _module_preset=&#8221;default&#8221; link_text_color=&#8221;gcid-f01d8f96-5c9f-4ef9-b282-d7e797d7021e&#8221; text_orientation_tablet=&#8221;left&#8221; text_orientation_phone=&#8221;left&#8221; global_colors_info=&#8221;{%22gcid-d935c3d8-c6b1-4fa1-8c3f-41092e219d69%22:%91%22text_text_color%22,%22text_text_color%22%93,%22gcid-f01d8f96-5c9f-4ef9-b282-d7e797d7021e%22:%91%22link_text_color%22%93}&#8221;]Route de la Fonderie 2<br \/>CH-1700 Fribourg, Suisse<br \/>T : +41 26 426 65 49[\/et_pb_text][et_pb_blurb title=&#8221;Berechnen Sie die Route&#8221; use_icon=&#8221;on&#8221; font_icon=&#8221;&#xe081;||divi||400&#8243; icon_color=&#8221;#c0852d&#8221; icon_placement=&#8221;left&#8221; image_icon_width=&#8221;18px&#8221; _builder_version=&#8221;4.21.2&#8243; _module_preset=&#8221;default&#8221; header_font=&#8221;Helvetica Neue|600|||||||&#8221; header_text_color=&#8221;#c0852d&#8221; header_font_size=&#8221;14px&#8221; header_letter_spacing=&#8221;0.1em&#8221; width=&#8221;200px&#8221; width_tablet=&#8221;200px&#8221; width_phone=&#8221;190px&#8221; width_last_edited=&#8221;on|phone&#8221; custom_margin=&#8221;30px||||false|false&#8221; link_option_url=&#8221;https:\/\/www.google.com\/maps\/dir\/\/Route+de+la+Fonderie+2,+1700+Fribourg,+Suisse\/@46.7942274,7.0844847,12z\/data=!4m8!4m7!1m0!1m5!1m1!1s0x478e68d7b3daa679:0x16542fb937c5c44!2m2!1d7.1545244!2d46.7942488&#8243; link_option_url_new_window=&#8221;on&#8221; custom_css_blurb_title=&#8221;position:absolute;||top: 4px;||left:25px;&#8221; custom_css_blurb_content=&#8221;margin-bottom:8px;&#8221; border_width_bottom=&#8221;2px&#8221; icon_font_size=&#8221;18px&#8221; global_colors_info=&#8221;{%22gcid-f01d8f96-5c9f-4ef9-b282-d7e797d7021e%22:%91%22icon_color%22,%22header_text_color%22%93}&#8221;][\/et_pb_blurb][\/et_pb_column][et_pb_column type=&#8221;1_3&#8243; _builder_version=&#8221;4.16&#8243; _module_preset=&#8221;default&#8221; global_colors_info=&#8221;{}&#8221;][et_pb_text _builder_version=&#8221;4.27.4&#8243; _module_preset=&#8221;default&#8221; background_color=&#8221;#fbf7f0&#8243; custom_padding=&#8221;30px|30px|30px|30px|true|true&#8221; hover_enabled=&#8221;0&#8243; text_orientation_phone=&#8221;center&#8221; global_colors_info=&#8221;{%22gcid-dadae498-489d-4913-adb6-09b6e16557ab%22:%91%22background_color%22%93}&#8221; sticky_enabled=&#8221;0&#8243;]<\/p>\n<p>NEU ab 1. Oktober 2025<\/p>\n<p>\u00d6ffnungszeiten*:<\/p>\n<p>Montag-Dienstag: 8:30-17:00 Uhr<br \/>Mittwoch-Donnerstag-Freitag: 8:30-18:30 Uhr<br \/>Samstag: 8:30-16:00 Uhr<\/p>\n<p>Sonntag: geschlossen.<br \/>*Au\u00dferhalb von Feiertagen<\/p>\n<p>[\/et_pb_text][et_pb_button button_url=&#8221;https:\/\/www.villars.com\/de\/villars-shop\/&#8221; button_text=&#8221;Weitere Informationen zum Geschichtsladen&#8221; button_alignment=&#8221;center&#8221; disabled_on=&#8221;off|off|on&#8221; _builder_version=&#8221;4.19.1&#8243; _module_preset=&#8221;d9dfa30f-5455-4344-b41e-be33471513ff&#8221; global_colors_info=&#8221;{}&#8221;][\/et_pb_button][\/et_pb_column][\/et_pb_row][\/et_pb_section][et_pb_section fb_built=&#8221;1&#8243; custom_padding_last_edited=&#8221;on|phone&#8221; _builder_version=&#8221;4.16&#8243; _module_preset=&#8221;default&#8221; custom_padding_tablet=&#8221;&#8221; custom_padding_phone=&#8221;0px||0px||false|false&#8221; saved_tabs=&#8221;all&#8221; global_colors_info=&#8221;{}&#8221;][et_pb_row column_structure=&#8221;1_3,1_3,1_3&#8243; _builder_version=&#8221;4.16&#8243; _module_preset=&#8221;default&#8221; custom_padding=&#8221;||80px|||&#8221; border_color_bottom=&#8221;#e7d3b7&#8243; global_colors_info=&#8221;{%22gcid-dadae498-489d-4913-adb6-09b6e16557ab%22:%91%93,%22gcid-015210cf-c1c0-46f5-a5eb-8daa480e676e%22:%91%22border_color_bottom%22%93}&#8221;][et_pb_column type=&#8221;1_3&#8243; _builder_version=&#8221;4.16&#8243; _module_preset=&#8221;default&#8221; global_colors_info=&#8221;{}&#8221;][et_pb_image src=&#8221;https:\/\/www.villars.com\/wp-content\/uploads\/2022\/12\/chocolat-villars-boutique-experience-2.jpg&#8221; title_text=&#8221;chocolat-villars-boutique-experience&#8221; align_tablet=&#8221;left&#8221; align_phone=&#8221;&#8221; align_last_edited=&#8221;on|tablet&#8221; _builder_version=&#8221;4.19.1&#8243; _module_preset=&#8221;default&#8221; global_colors_info=&#8221;{}&#8221;][\/et_pb_image][\/et_pb_column][et_pb_column type=&#8221;1_3&#8243; _builder_version=&#8221;4.16&#8243; _module_preset=&#8221;default&#8221; global_colors_info=&#8221;{}&#8221;][et_pb_blurb title=&#8221;Boutique Exp\u00e9rience La Fabrik Villars&#8221; image=&#8221;https:\/\/www.villars.com\/wp-content\/uploads\/2021\/07\/trolley.png&#8221; icon_placement=&#8221;left&#8221; _builder_version=&#8221;4.20.4&#8243; _module_preset=&#8221;default&#8221; header_level=&#8221;h3&#8243; header_font=&#8221;Helvetica Neue|600|||||||&#8221; header_font_size=&#8221;15px&#8221; header_letter_spacing=&#8221;0.15em&#8221; header_text_align_tablet=&#8221;&#8221; header_text_align_phone=&#8221;&#8221; header_text_align_last_edited=&#8221;on|tablet&#8221; module_alignment_tablet=&#8221;left&#8221; module_alignment_phone=&#8221;&#8221; module_alignment_last_edited=&#8221;on|tablet&#8221; custom_css_blurb_title=&#8221;padding-top:12px;&#8221; global_colors_info=&#8221;{}&#8221; custom_css_main_element_last_edited=&#8221;on|tablet&#8221;][\/et_pb_blurb][et_pb_text _builder_version=&#8221;4.25.2&#8243; _module_preset=&#8221;default&#8221; link_text_color=&#8221;gcid-f01d8f96-5c9f-4ef9-b282-d7e797d7021e&#8221; text_orientation_tablet=&#8221;left&#8221; global_colors_info=&#8221;{%22gcid-d935c3d8-c6b1-4fa1-8c3f-41092e219d69%22:%91%22text_text_color%22,%22text_text_color%22%93,%22gcid-f01d8f96-5c9f-4ef9-b282-d7e797d7021e%22:%91%22link_text_color%22%93}&#8221;]Route du Cousimbert<br \/>CH-1700 Fribourg, Suisse[\/et_pb_text][et_pb_blurb title=&#8221;Berechnen Sie die Route&#8221; use_icon=&#8221;on&#8221; font_icon=&#8221;&#xe081;||divi||400&#8243; icon_color=&#8221;#c0852d&#8221; icon_placement=&#8221;left&#8221; image_icon_width=&#8221;18px&#8221; _builder_version=&#8221;4.21.2&#8243; _module_preset=&#8221;default&#8221; header_font=&#8221;Helvetica Neue|600|||||||&#8221; header_text_color=&#8221;#c0852d&#8221; header_font_size=&#8221;14px&#8221; header_letter_spacing=&#8221;0.1em&#8221; width=&#8221;200px&#8221; width_tablet=&#8221;200px&#8221; width_phone=&#8221;190px&#8221; width_last_edited=&#8221;on|phone&#8221; custom_margin=&#8221;30px||||false|false&#8221; link_option_url=&#8221;https:\/\/www.google.fr\/maps\/place\/Rte+du+Cousimbert,+1700+Fribourg,+Suisse\/@46.7950458,7.1446949,17z\/data=!3m1!4b1!4m5!3m4!1s0x478e68d53c19b531:0x4e0559ac013e2cea!8m2!3d46.7950458!4d7.1468836&#8243; link_option_url_new_window=&#8221;on&#8221; custom_css_blurb_title=&#8221;position:absolute;||top: 4px;||left:25px;&#8221; custom_css_blurb_content=&#8221;margin-bottom:8px;&#8221; border_width_bottom=&#8221;2px&#8221; icon_font_size=&#8221;18px&#8221; global_colors_info=&#8221;{%22gcid-f01d8f96-5c9f-4ef9-b282-d7e797d7021e%22:%91%22icon_color%22,%22header_text_color%22%93}&#8221;][\/et_pb_blurb][\/et_pb_column][et_pb_column type=&#8221;1_3&#8243; _builder_version=&#8221;4.16&#8243; _module_preset=&#8221;default&#8221; global_colors_info=&#8221;{}&#8221;][et_pb_text _builder_version=&#8221;4.25.2&#8243; _module_preset=&#8221;default&#8221; background_color=&#8221;#fbf7f0&#8243; custom_padding=&#8221;30px|30px|30px|30px|true|true&#8221; text_orientation_phone=&#8221;center&#8221; global_colors_info=&#8221;{%22gcid-dadae498-489d-4913-adb6-09b6e16557ab%22:%91%22background_color%22%93}&#8221;]\u00d6ffnungszeiten:<\/p>\n<p>\nEndg\u00fcltig geschlossen[\/et_pb_text][\/et_pb_column][\/et_pb_row][\/et_pb_section]<\/p>\n","protected":false},"excerpt":{"rendered":"<p>FribourgHistorische Boutique Wir freuen uns, Sie in unserem Gesch\u00e4ft begr\u00fc\u00dfen zu d\u00fcrfen. Es befindet sich im historischen Geb\u00e4ude unserer Schokoladenfabrik, das im Kanton Freiburg in die Liste der Kulturg\u00fcter von nationaler Bedeutung aufgenommen wurde. Hier finden Sie die Produktpalette von Villars sowie einen Tea-Room. Wir freuen uns auf Sie. Bis bald ! Das Villars Ma\u00eetre [&hellip;]<\/p>\n","protected":false},"author":1,"featured_media":294038,"parent":0,"menu_order":0,"comment_status":"closed","ping_status":"closed","template":"","meta":{"_et_pb_use_builder":"on","_et_pb_old_content":"","_et_gb_content_width":"","footnotes":""},"class_list":["post-266339","page","type-page","status-publish","has-post-thumbnail","hentry"],"yoast_head":"<!-- This site is optimized with the Yoast SEO plugin v27.4 - https:\/\/yoast.com\/product\/yoast-seo-wordpress\/ -->\n<title>Entdecken Sie die Schokoladen-Boutique Villars in Freiburg, Schweiz | Villars<\/title>\n<meta name=\"description\" content=\"Entdecken Sie unseren Schokoladen- und Kaffeeladen, der in Freiburg im Herzen der Stadt an der Route de la Fonderie 2 am historischen Standort eingerichtet wurde.\" \/>\n<meta name=\"robots\" content=\"noindex, follow\" \/>\n<meta property=\"og:locale\" content=\"de_DE\" \/>\n<meta property=\"og:type\" content=\"article\" \/>\n<meta property=\"og:title\" content=\"Entdecken Sie die Schokoladen-Boutique Villars in Freiburg, Schweiz | Villars\" \/>\n<meta property=\"og:description\" content=\"Entdecken Sie unseren Schokoladen- und Kaffeeladen, der in Freiburg im Herzen der Stadt an der Route de la Fonderie 2 am historischen Standort eingerichtet wurde.\" \/>\n<meta property=\"og:url\" content=\"https:\/\/www.villars.com\/de\/villars-shop\/\" \/>\n<meta property=\"og:site_name\" content=\"Villars Swiss\" \/>\n<meta property=\"article:modified_time\" content=\"2025-09-25T08:23:54+00:00\" \/>\n<meta property=\"og:image\" content=\"https:\/\/www.villars.com\/wp-content\/uploads\/2022\/05\/page_id266156\" \/>\n\t<meta property=\"og:image:width\" content=\"1\" \/>\n\t<meta property=\"og:image:height\" content=\"1\" \/>\n\t<meta property=\"og:image:type\" content=\"image\/jpeg\" \/>\n<meta name=\"twitter:card\" content=\"summary_large_image\" \/>\n<meta name=\"twitter:label1\" content=\"Gesch\u00e4tzte Lesezeit\" \/>\n\t<meta name=\"twitter:data1\" content=\"11\u00a0Minuten\" \/>\n<!-- \/ Yoast SEO plugin. -->","yoast_head_json":{"title":"Entdecken Sie die Schokoladen-Boutique Villars in Freiburg, Schweiz | Villars","description":"Entdecken Sie unseren Schokoladen- und Kaffeeladen, der in Freiburg im Herzen der Stadt an der Route de la Fonderie 2 am historischen Standort eingerichtet wurde.","robots":{"index":"noindex","follow":"follow"},"og_locale":"de_DE","og_type":"article","og_title":"Entdecken Sie die Schokoladen-Boutique Villars in Freiburg, Schweiz | Villars","og_description":"Entdecken Sie unseren Schokoladen- und Kaffeeladen, der in Freiburg im Herzen der Stadt an der Route de la Fonderie 2 am historischen Standort eingerichtet wurde.","og_url":"https:\/\/www.villars.com\/de\/villars-shop\/","og_site_name":"Villars Swiss","article_modified_time":"2025-09-25T08:23:54+00:00","og_image":[{"url":"https:\/\/www.villars.com\/wp-content\/uploads\/2022\/05\/page_id266156","width":1,"height":1,"type":"image\/jpeg"}],"twitter_card":"summary_large_image","twitter_misc":{"Gesch\u00e4tzte Lesezeit":"11\u00a0Minuten"},"schema":{"@context":"https:\/\/schema.org","@graph":[{"@type":"WebPage","@id":"https:\/\/www.villars.com\/de\/villars-shop\/","url":"https:\/\/www.villars.com\/de\/villars-shop\/","name":"Entdecken Sie die Schokoladen-Boutique Villars in Freiburg, Schweiz | Villars","isPartOf":{"@id":"https:\/\/www.villars.com\/de\/#website"},"primaryImageOfPage":{"@id":"https:\/\/www.villars.com\/de\/villars-shop\/#primaryimage"},"image":{"@id":"https:\/\/www.villars.com\/de\/villars-shop\/#primaryimage"},"thumbnailUrl":"https:\/\/www.villars.com\/wp-content\/uploads\/2022\/05\/page_id266156","datePublished":"2021-07-15T13:43:19+00:00","dateModified":"2025-09-25T08:23:54+00:00","description":"Entdecken Sie unseren Schokoladen- und Kaffeeladen, der in Freiburg im Herzen der Stadt an der Route de la Fonderie 2 am historischen Standort eingerichtet wurde.","breadcrumb":{"@id":"https:\/\/www.villars.com\/de\/villars-shop\/#breadcrumb"},"inLanguage":"de","potentialAction":[{"@type":"ReadAction","target":["https:\/\/www.villars.com\/de\/villars-shop\/"]}]},{"@type":"ImageObject","inLanguage":"de","@id":"https:\/\/www.villars.com\/de\/villars-shop\/#primaryimage","url":"https:\/\/www.villars.com\/wp-content\/uploads\/2022\/05\/page_id266156","contentUrl":"https:\/\/www.villars.com\/wp-content\/uploads\/2022\/05\/page_id266156"},{"@type":"BreadcrumbList","@id":"https:\/\/www.villars.com\/de\/villars-shop\/#breadcrumb","itemListElement":[{"@type":"ListItem","position":1,"name":"Accueil","item":"https:\/\/www.villars.com\/de\/"},{"@type":"ListItem","position":2,"name":"Villars Shop"}]},{"@type":"WebSite","@id":"https:\/\/www.villars.com\/de\/#website","url":"https:\/\/www.villars.com\/de\/","name":"Villars Swiss","description":"Ma\u00eetre Chocolatier depuis 1901","potentialAction":[{"@type":"SearchAction","target":{"@type":"EntryPoint","urlTemplate":"https:\/\/www.villars.com\/de\/?s={search_term_string}"},"query-input":{"@type":"PropertyValueSpecification","valueRequired":true,"valueName":"search_term_string"}}],"inLanguage":"de"}]}},"_links":{"self":[{"href":"https:\/\/www.villars.com\/de\/wp-json\/wp\/v2\/pages\/266339","targetHints":{"allow":["GET"]}}],"collection":[{"href":"https:\/\/www.villars.com\/de\/wp-json\/wp\/v2\/pages"}],"about":[{"href":"https:\/\/www.villars.com\/de\/wp-json\/wp\/v2\/types\/page"}],"author":[{"embeddable":true,"href":"https:\/\/www.villars.com\/de\/wp-json\/wp\/v2\/users\/1"}],"replies":[{"embeddable":true,"href":"https:\/\/www.villars.com\/de\/wp-json\/wp\/v2\/comments?post=266339"}],"version-history":[{"count":60,"href":"https:\/\/www.villars.com\/de\/wp-json\/wp\/v2\/pages\/266339\/revisions"}],"predecessor-version":[{"id":301833,"href":"https:\/\/www.villars.com\/de\/wp-json\/wp\/v2\/pages\/266339\/revisions\/301833"}],"wp:featuredmedia":[{"embeddable":true,"href":"https:\/\/www.villars.com\/de\/wp-json\/wp\/v2\/media\/294038"}],"wp:attachment":[{"href":"https:\/\/www.villars.com\/de\/wp-json\/wp\/v2\/media?parent=266339"}],"curies":[{"name":"wp","href":"https:\/\/api.w.org\/{rel}","templated":true}]}}